{"id":21030,"date":"2023-07-06T17:29:13","date_gmt":"2023-07-06T15:29:13","guid":{"rendered":"https:\/\/eco.ch\/place-du-marche\/"},"modified":"2023-09-01T15:12:24","modified_gmt":"2023-09-01T13:12:24","slug":"place-du-marche","status":"publish","type":"page","link":"https:\/\/eco.ch\/fr\/place-du-marche\/","title":{"rendered":"Place du march\u00e9"},"content":{"rendered":"<p>[et_pb_section fb_built=\u00a0\u00bb1&Prime; admin_label=\u00a0\u00bbSektion\u00a0\u00bb _builder_version=\u00a0\u00bb4.21.0&Prime; _module_preset=\u00a0\u00bbdefault\u00a0\u00bb background_color=\u00a0\u00bb#c8bdab\u00a0\u00bb global_colors_info=\u00a0\u00bb{}\u00a0\u00bb][et_pb_row admin_label=\u00a0\u00bbZeile\u00a0\u00bb _builder_version=\u00a0\u00bb4.21.2&Prime; _module_preset=\u00a0\u00bbdefault\u00a0\u00bb global_colors_info=\u00a0\u00bb{}\u00a0\u00bb][et_pb_column type=\u00a0\u00bb4_4&Prime; admin_label=\u00a0\u00bbSpalte\u00a0\u00bb _builder_version=\u00a0\u00bb4.21.0&Prime; _module_preset=\u00a0\u00bbdefault\u00a0\u00bb global_colors_info=\u00a0\u00bb{}\u00a0\u00bb][et_pb_text _builder_version=\u00a0\u00bb4.21.0&Prime; _module_preset=\u00a0\u00bbdefault\u00a0\u00bb text_font=\u00a0\u00bb||||||||\u00a0\u00bb text_text_color=\u00a0\u00bb#1A0052&Prime; header_2_font=\u00a0\u00bb|600|||||||\u00a0\u00bb header_2_text_color=\u00a0\u00bb#1A0052&Prime; global_colors_info=\u00a0\u00bb{}\u00a0\u00bb]<\/p>\n<h2>Place du march\u00e9<\/h2>\n<p>[\/et_pb_text][\/et_pb_column][\/et_pb_row][et_pb_row admin_label=\u00a0\u00bbZeile\u00a0\u00bb _builder_version=\u00a0\u00bb4.21.2&Prime; _module_preset=\u00a0\u00bbdefault\u00a0\u00bb global_colors_info=\u00a0\u00bb{}\u00a0\u00bb][et_pb_column type=\u00a0\u00bb4_4&Prime; _builder_version=\u00a0\u00bb4.21.0&Prime; _module_preset=\u00a0\u00bbdefault\u00a0\u00bb global_colors_info=\u00a0\u00bb{}\u00a0\u00bb][et_pb_text _builder_version=\u00a0\u00bb4.21.0&Prime; _module_preset=\u00a0\u00bbdefault\u00a0\u00bb text_font=\u00a0\u00bb||||||||\u00a0\u00bb text_text_color=\u00a0\u00bb#1A0052&Prime; global_colors_info=\u00a0\u00bb{}\u00a0\u00bb]<\/p>\n<p>Sur la place du march\u00e9, qui compl\u00e9tait de mani\u00e8re dynamique le Congr\u00e8s Nature 2023, diverses organisations se sont r\u00e9unies et ont pr\u00e9sent\u00e9 leurs projets passionnants et innovants sur des th\u00e8mes li\u00e9s aux syst\u00e8mes alimentaires durables. Des exemples de bonnes pratiques ont \u00e9t\u00e9 pr\u00e9sent\u00e9s, offrant ainsi la chance d\u2019avoir un aper\u00e7u actif de chaque projet.<\/p>\n<p>[\/et_pb_text][\/et_pb_column][\/et_pb_row][et_pb_row column_structure=\u00a0\u00bb1_3,2_3&Prime; admin_label=\u00a0\u00bbZeile\u00a0\u00bb _builder_version=\u00a0\u00bb4.21.2&Prime; _module_preset=\u00a0\u00bbdefault\u00a0\u00bb global_colors_info=\u00a0\u00bb{}\u00a0\u00bb][et_pb_column type=\u00a0\u00bb1_3&Prime; admin_label=\u00a0\u00bbSpalte\u00a0\u00bb _builder_version=\u00a0\u00bb4.21.0&Prime; _module_preset=\u00a0\u00bbdefault\u00a0\u00bb custom_padding=\u00a0\u00bb||||true\u00a0\u00bb border_width_all=\u00a0\u00bb5px\u00a0\u00bb border_color_all=\u00a0\u00bb#1A0052&Prime; global_colors_info=\u00a0\u00bb{}\u00a0\u00bb][et_pb_image src=\u00a0\u00bbhttps:\/\/eco.ch\/wp-content\/uploads\/2023\/06\/Logo-HSLU_transparent.png\u00a0\u00bb title_text=\u00a0\u00bbLogo HSLU_transparent\u00a0\u00bb align=\u00a0\u00bbcenter\u00a0\u00bb _builder_version=\u00a0\u00bb4.21.0&Prime; _module_preset=\u00a0\u00bbdefault\u00a0\u00bb width=\u00a0\u00bb100%\u00a0\u00bb max_width=\u00a0\u00bb75%\u00a0\u00bb module_alignment=\u00a0\u00bbcenter\u00a0\u00bb custom_margin=\u00a0\u00bb30px|98px|30px||true|false\u00a0\u00bb custom_padding=\u00a0\u00bb35px||0px||false|false\u00a0\u00bb global_colors_info=\u00a0\u00bb{}\u00a0\u00bb][\/et_pb_image][et_pb_image src=\u00a0\u00bbhttps:\/\/eco.ch\/wp-content\/uploads\/2023\/06\/eco-social-design_logo_RGB98.png\u00a0\u00bb title_text=\u00a0\u00bbeco-social-design_logo_RGB%9198%93&Prime; align=\u00a0\u00bbcenter\u00a0\u00bb _builder_version=\u00a0\u00bb4.21.0&Prime; _module_preset=\u00a0\u00bbdefault\u00a0\u00bb max_width=\u00a0\u00bb100%\u00a0\u00bb module_alignment=\u00a0\u00bbcenter\u00a0\u00bb max_height=\u00a0\u00bb200px\u00a0\u00bb custom_margin=\u00a0\u00bb-35px||||false|false\u00a0\u00bb global_colors_info=\u00a0\u00bb{}\u00a0\u00bb][\/et_pb_image][\/et_pb_column][et_pb_column type=\u00a0\u00bb2_3&Prime; _builder_version=\u00a0\u00bb4.21.0&Prime; _module_preset=\u00a0\u00bbdefault\u00a0\u00bb global_colors_info=\u00a0\u00bb{}\u00a0\u00bb][et_pb_text _builder_version=\u00a0\u00bb4.21.0&Prime; _module_preset=\u00a0\u00bbdefault\u00a0\u00bb text_text_color=\u00a0\u00bb#000000&Prime; header_3_font=\u00a0\u00bb|600|||||||\u00a0\u00bb header_3_text_color=\u00a0\u00bb#1A0052&Prime; header_4_font=\u00a0\u00bb|600|||||||\u00a0\u00bb header_4_text_color=\u00a0\u00bb#1A0052&Prime; width=\u00a0\u00bb100%\u00a0\u00bb module_alignment=\u00a0\u00bbleft\u00a0\u00bb custom_margin=\u00a0\u00bb|||-30px|false|false\u00a0\u00bb custom_padding=\u00a0\u00bb|1px||||\u00a0\u00bb global_colors_info=\u00a0\u00bb{}\u00a0\u00bb]<\/p>\n<h3><span>Design et le syst\u00e8me alimentaire &#8211; un menu (inattendu) avec de nombreux plats !<\/span><\/h3>\n<div>\n<p><span>Les programmes de formation <span style=\"text-decoration: underline; color: #000000;\"><a href=\"https:\/\/www.hslu.ch\/de-ch\/design-kunst\/studium\/master\/eco-social-design\/\" style=\"color: #000000; text-decoration: underline;\" target=\"_blank\" rel=\"noopener\">MA Eco-Social Design<\/a><\/span> et <span style=\"text-decoration: underline; color: #000000;\"><a href=\"https:\/\/www.hslu.ch\/de-ch\/design-kunst\/studium\/bachelor\/design-management-international\/\" style=\"color: #000000; text-decoration: underline;\" target=\"_blank\" rel=\"noopener\">BA Design Management International<\/a><\/span> et <span style=\"text-decoration: underline; color: #000000;\"><a href=\"https:\/\/www.hslu.ch\/en\/lucerne-school-of-art-and-design\/degree-programmes\/bachelor\/data-design-and-art-1\/\" style=\"color: #000000; text-decoration: underline;\" target=\"_blank\" rel=\"noopener\">BA Data Design &amp; Art<\/a><\/span> de la Haute \u00e9cole de Lucerne se concentrent sur la transformation de la soci\u00e9t\u00e9 vers plus de durabilit\u00e9. Du point de vue du design, nous nous int\u00e9ressons de pr\u00e8s au syst\u00e8me alimentaire ainsi qu&rsquo;aux plantes et aux animaux, que nous consid\u00e9rons comme des acteurs \u00e0 part enti\u00e8re. Dans le cadre de diff\u00e9rents cours et travaux d&rsquo;\u00e9tudiants, nous exp\u00e9rimentons notre propre comportement alimentaire, la production de denr\u00e9es alimentaires, les micro-organismes et les plantes et concevons des prototypes qui exp\u00e9rimentent le changement, pensent de mani\u00e8re sp\u00e9culative \u00e0 de nouveaux avenirs et communiquent \u00e0 leur sujet. Lors du Congr\u00e8s Nature d\u2019eco.ch, nous avons invit\u00e9 \u00e0 d\u00e9couvrir notre approche cr\u00e9ative et artistique de la biodiversit\u00e9 et du syst\u00e8me alimentaire : nous avons pr\u00e9sent\u00e9 des travaux d\u2019\u00e9tudiant(e)s et avons invit\u00e9 les visiteur(e)s \u00e0 d\u00e9guster eux-m\u00eames notre approche et les outils des designers.<\/span><\/p>\n<p><span><\/span><\/p>\n<\/div>\n<div><\/div>\n<p><span style=\"color: #1a0052;\">Organis\u00e9 par <span style=\"text-decoration: underline;\"><a href=\"https:\/\/www.hslu.ch\/de-ch\/design-kunst\/studium\/master\/eco-social-design\/\" style=\"color: #1a0052; text-decoration: underline;\" target=\"_blank\" rel=\"noopener\">HSLU Hochschule Luzern<\/a><\/span><\/span><span><\/span><\/p>\n<p><span><\/span><\/p>\n<p>[\/et_pb_text][\/et_pb_column][\/et_pb_row][et_pb_row column_structure=\u00a0\u00bb1_3,2_3&Prime; admin_label=\u00a0\u00bbZeile\u00a0\u00bb _builder_version=\u00a0\u00bb4.21.2&Prime; _module_preset=\u00a0\u00bbdefault\u00a0\u00bb global_colors_info=\u00a0\u00bb{}\u00a0\u00bb][et_pb_column type=\u00a0\u00bb1_3&Prime; admin_label=\u00a0\u00bbSpalte\u00a0\u00bb _builder_version=\u00a0\u00bb4.21.0&Prime; _module_preset=\u00a0\u00bbdefault\u00a0\u00bb custom_padding=\u00a0\u00bb30px||30px||true|false\u00a0\u00bb border_width_all=\u00a0\u00bb5px\u00a0\u00bb border_color_all=\u00a0\u00bb#1A0052&Prime; global_colors_info=\u00a0\u00bb{}\u00a0\u00bb][et_pb_image src=\u00a0\u00bbhttps:\/\/eco.ch\/wp-content\/uploads\/2023\/06\/Logo-BSLA-FSAP.png\u00a0\u00bb title_text=\u00a0\u00bbLogo BSLA FSAP\u00a0\u00bb align=\u00a0\u00bbcenter\u00a0\u00bb _builder_version=\u00a0\u00bb4.21.0&Prime; _module_preset=\u00a0\u00bbdefault\u00a0\u00bb width=\u00a0\u00bb100%\u00a0\u00bb max_width=\u00a0\u00bb65%\u00a0\u00bb module_alignment=\u00a0\u00bbcenter\u00a0\u00bb custom_margin=\u00a0\u00bb|98px||||\u00a0\u00bb custom_padding=\u00a0\u00bb||0px|||\u00a0\u00bb global_colors_info=\u00a0\u00bb{}\u00a0\u00bb][\/et_pb_image][et_pb_image src=\u00a0\u00bbhttps:\/\/eco.ch\/wp-content\/uploads\/2023\/06\/Logo-Hochparterre_Farbe_transparent.png\u00a0\u00bb title_text=\u00a0\u00bbLogo Hochparterre_Farbe_transparent\u00a0\u00bb _builder_version=\u00a0\u00bb4.21.2&Prime; _module_preset=\u00a0\u00bbdefault\u00a0\u00bb width=\u00a0\u00bb30%\u00a0\u00bb max_width=\u00a0\u00bb30%\u00a0\u00bb module_alignment=\u00a0\u00bbcenter\u00a0\u00bb max_height=\u00a0\u00bb1000px\u00a0\u00bb custom_margin=\u00a0\u00bb0px||||false|false\u00a0\u00bb global_colors_info=\u00a0\u00bb{}\u00a0\u00bb][\/et_pb_image][et_pb_image src=\u00a0\u00bbhttps:\/\/eco.ch\/wp-content\/uploads\/2023\/06\/ILF_Logo_-beige.png\u00a0\u00bb title_text=\u00a0\u00bbILF_Logo_ beige\u00a0\u00bb align=\u00a0\u00bbcenter\u00a0\u00bb _builder_version=\u00a0\u00bb4.21.0&Prime; _module_preset=\u00a0\u00bbdefault\u00a0\u00bb max_width=\u00a0\u00bb90%\u00a0\u00bb global_colors_info=\u00a0\u00bb{}\u00a0\u00bb][\/et_pb_image][\/et_pb_column][et_pb_column type=\u00a0\u00bb2_3&Prime; _builder_version=\u00a0\u00bb4.21.0&Prime; _module_preset=\u00a0\u00bbdefault\u00a0\u00bb global_colors_info=\u00a0\u00bb{}\u00a0\u00bb][et_pb_text _builder_version=\u00a0\u00bb4.21.0&Prime; _module_preset=\u00a0\u00bbdefault\u00a0\u00bb text_text_color=\u00a0\u00bb#000000&Prime; header_3_font=\u00a0\u00bb|600|||||||\u00a0\u00bb header_3_text_color=\u00a0\u00bb#1A0052&Prime; header_4_font=\u00a0\u00bb|600|||||||\u00a0\u00bb header_4_text_color=\u00a0\u00bb#1A0052&Prime; width=\u00a0\u00bb100%\u00a0\u00bb module_alignment=\u00a0\u00bbleft\u00a0\u00bb custom_margin=\u00a0\u00bb|||-30px|false|false\u00a0\u00bb custom_padding=\u00a0\u00bb|1px||||\u00a0\u00bb global_colors_info=\u00a0\u00bb{}\u00a0\u00bb]<\/p>\n<h3>Paysages urbains fertiles<\/h3>\n<p style=\"font-weight: 400;\">La production alimentaire urbaine a un impact <span>direct sur la qualit\u00e9 de nos villes. Les villes suisses ne cessent de s&rsquo;\u00e9tendre en hauteur, ce qui signifie que de plus en plus de personnes occupent le m\u00eame espace. La simultan\u00e9it\u00e9 de l&rsquo;augmentation de la population urbaine et de la protection des terres agricoles, offre de grandes opportunit\u00e9s.<\/span><\/p>\n<p style=\"font-weight: 400;\"><span>La population urbaine s&rsquo;\u00e9loigne de plus en plus de la source de l&rsquo;un de ses moyens de subsistance &#8211; la nourriture. La production alimentaire et sa distribution exercent une pression de plus en plus forte sur l&rsquo;environnement. Enfin, l&rsquo;augmentation de la production alimentaire en ville entre en concurrence avec le besoin d&rsquo;autres espaces urbains. <\/span><\/p>\n<p style=\"font-weight: 400;\"><span>Les architectes paysagistes peuvent mettre en \u0153uvre leur savoir-faire lorsqu&rsquo;il s&rsquo;agit de questions actuelles concernant la qualit\u00e9 de l&rsquo;espace, le bien-\u00eatre de la population ou l&rsquo;approvisionnement alimentaire. Ils disposent de cinq strat\u00e9gies qui leur permettent de contribuer au d\u00e9veloppement et \u00e0 la promotion de solutions durables : Accro\u00eetre l&rsquo;identit\u00e9 des lieux, cr\u00e9er des synergies dans la ville, garantir les avantages \u00e9cologiques, g\u00e9rer le changement urbain, d\u00e9velopper des paysages pour le bien-\u00eatre.<\/span><br \/><span><\/span><\/p>\n<p><span><span style=\"color: #1a0052;\">Organis\u00e9 par <span style=\"text-decoration: underline;\"><a href=\"https:\/\/www.bsla.ch\/de\/\" style=\"color: #1a0052; text-decoration: underline;\" target=\"_blank\" rel=\"noopener\">BSLA FSAP<\/a><\/span>, <span style=\"text-decoration: underline;\"><a href=\"https:\/\/www.hochparterre.ch\" style=\"color: #1a0052; text-decoration: underline;\" target=\"_blank\" rel=\"noopener\">Hochparterre<\/a><\/span>, <span style=\"text-decoration: underline;\"><a href=\"https:\/\/www.ost.ch\/de\/forschung-und-dienstleistungen\/architektur-bau-landschaft-raum\/ilf-institut-fuer-landschaft-und-freiraum\" style=\"color: #1a0052; text-decoration: underline;\" target=\"_blank\" rel=\"noopener\">Ostschweizer Fachhochschule<\/a><\/span><\/span><\/span><\/p>\n<p><span><span style=\"color: #1a0052;\"><span style=\"text-decoration: underline;\"><\/span><\/span><\/span><\/p>\n<p>[\/et_pb_text][\/et_pb_column][\/et_pb_row][et_pb_row column_structure=\u00a0\u00bb1_3,2_3&Prime; admin_label=\u00a0\u00bbZeile\u00a0\u00bb _builder_version=\u00a0\u00bb4.22.0&Prime; _module_preset=\u00a0\u00bbdefault\u00a0\u00bb global_colors_info=\u00a0\u00bb{}\u00a0\u00bb][et_pb_column type=\u00a0\u00bb1_3&Prime; admin_label=\u00a0\u00bbSpalte\u00a0\u00bb _builder_version=\u00a0\u00bb4.22.0&Prime; _module_preset=\u00a0\u00bbdefault\u00a0\u00bb custom_padding=\u00a0\u00bb45px||45px||true|false\u00a0\u00bb border_width_all=\u00a0\u00bb5px\u00a0\u00bb border_color_all=\u00a0\u00bb#1A0052&Prime; global_colors_info=\u00a0\u00bb{}\u00a0\u00bb][et_pb_image src=\u00a0\u00bbhttps:\/\/eco.ch\/wp-content\/uploads\/2023\/06\/Logo-Koopernikus_transparent.png\u00a0\u00bb title_text=\u00a0\u00bbLogo Koopernikus_transparent\u00a0\u00bb align=\u00a0\u00bbcenter\u00a0\u00bb _builder_version=\u00a0\u00bb4.21.0&Prime; _module_preset=\u00a0\u00bbdefault\u00a0\u00bb width=\u00a0\u00bb100%\u00a0\u00bb max_width=\u00a0\u00bb55%\u00a0\u00bb module_alignment=\u00a0\u00bbcenter\u00a0\u00bb custom_margin=\u00a0\u00bb|98px||||\u00a0\u00bb custom_padding=\u00a0\u00bb||0px|||\u00a0\u00bb global_colors_info=\u00a0\u00bb{}\u00a0\u00bb][\/et_pb_image][et_pb_image src=\u00a0\u00bbhttps:\/\/eco.ch\/wp-content\/uploads\/2023\/06\/lightwave_logo_klein_03.png\u00a0\u00bb title_text=\u00a0\u00bblightwave_logo_klein_03&Prime; _builder_version=\u00a0\u00bb4.21.0&Prime; _module_preset=\u00a0\u00bbdefault\u00a0\u00bb max_width=\u00a0\u00bb70%\u00a0\u00bb module_alignment=\u00a0\u00bbcenter\u00a0\u00bb global_colors_info=\u00a0\u00bb{}\u00a0\u00bb][\/et_pb_image][\/et_pb_column][et_pb_column type=\u00a0\u00bb2_3&Prime; _builder_version=\u00a0\u00bb4.21.0&Prime; _module_preset=\u00a0\u00bbdefault\u00a0\u00bb global_colors_info=\u00a0\u00bb{}\u00a0\u00bb][et_pb_text _builder_version=\u00a0\u00bb4.21.0&Prime; _module_preset=\u00a0\u00bbdefault\u00a0\u00bb text_text_color=\u00a0\u00bb#000000&Prime; header_3_font=\u00a0\u00bb|600|||||||\u00a0\u00bb header_3_text_color=\u00a0\u00bb#1A0052&Prime; header_4_font=\u00a0\u00bb|600|||||||\u00a0\u00bb header_4_text_color=\u00a0\u00bb#1A0052&Prime; width=\u00a0\u00bb100%\u00a0\u00bb module_alignment=\u00a0\u00bbleft\u00a0\u00bb custom_margin=\u00a0\u00bb|||-30px|false|false\u00a0\u00bb custom_padding=\u00a0\u00bb|1px||||\u00a0\u00bb global_colors_info=\u00a0\u00bb{}\u00a0\u00bb]<\/p>\n<h3>Comment partager \u00e9quitablement ? Une plateforme de commercialisation de produits alimentaires pour ta r\u00e9gion<\/h3>\n<p><span>Koopernikus se pr\u00e9sente comme une coop\u00e9rative \u00e0 travers toute la cha\u00eene de cr\u00e9ation de valeur alimentaire. Nous montrons comment nous organisons avec Lightwave une plateforme de commercialisation pour un approvisionnement alimentaire durable dans la r\u00e9gion de Zurich. Nous souhaitons ainsi donner une impulsion \u00e0 d&rsquo;autres r\u00e9gions et sommes ouverts \u00e0 une collaboration.<\/span><\/p>\n<div><\/div>\n<p><span><span style=\"color: #1a0052;\">Organis\u00e9 par <span style=\"text-decoration: underline;\"><a href=\"https:\/\/koopernikus.ch\" style=\"color: #1a0052; text-decoration: underline;\" target=\"_blank\" rel=\"noopener\">Koopernikus<\/a><\/span> &amp; <span style=\"text-decoration: underline;\"><a href=\"https:\/\/lightwave.ch\" style=\"color: #1a0052; text-decoration: underline;\" target=\"_blank\" rel=\"noopener\">Lightwave<\/a><\/span><\/span><\/span><\/p>\n<p><span><span style=\"color: #1a0052;\"><span style=\"text-decoration: underline;\"><\/span><\/span><\/span><\/p>\n<p>[\/et_pb_text][\/et_pb_column][\/et_pb_row][et_pb_row column_structure=\u00a0\u00bb1_3,2_3&Prime; admin_label=\u00a0\u00bbZeile\u00a0\u00bb _builder_version=\u00a0\u00bb4.21.2&Prime; _module_preset=\u00a0\u00bbdefault\u00a0\u00bb custom_padding=\u00a0\u00bb||5px|||\u00a0\u00bb global_colors_info=\u00a0\u00bb{}\u00a0\u00bb][et_pb_column type=\u00a0\u00bb1_3&Prime; admin_label=\u00a0\u00bbSpalte\u00a0\u00bb _builder_version=\u00a0\u00bb4.21.0&Prime; _module_preset=\u00a0\u00bbdefault\u00a0\u00bb custom_padding=\u00a0\u00bb78px||78px||true|false\u00a0\u00bb border_width_all=\u00a0\u00bb5px\u00a0\u00bb border_color_all=\u00a0\u00bb#1A0052&Prime; global_colors_info=\u00a0\u00bb{}\u00a0\u00bb][et_pb_image src=\u00a0\u00bbhttps:\/\/eco.ch\/wp-content\/uploads\/2023\/06\/Posamenterlogo-mit-Original-GUT-transparent.png\u00a0\u00bb title_text=\u00a0\u00bbPosamenterlogo mit &#8211; Original &#8211; GUT &#8211; transparent\u00a0\u00bb align=\u00a0\u00bbcenter\u00a0\u00bb _builder_version=\u00a0\u00bb4.22.0&Prime; _module_preset=\u00a0\u00bbdefault\u00a0\u00bb width=\u00a0\u00bb100%\u00a0\u00bb max_width=\u00a0\u00bb65%\u00a0\u00bb module_alignment=\u00a0\u00bbcenter\u00a0\u00bb custom_margin=\u00a0\u00bb5px|98px|5px||true|false\u00a0\u00bb custom_padding=\u00a0\u00bb||0px|||\u00a0\u00bb global_colors_info=\u00a0\u00bb{}\u00a0\u00bb][\/et_pb_image][\/et_pb_column][et_pb_column type=\u00a0\u00bb2_3&Prime; _builder_version=\u00a0\u00bb4.21.0&Prime; _module_preset=\u00a0\u00bbdefault\u00a0\u00bb global_colors_info=\u00a0\u00bb{}\u00a0\u00bb][et_pb_text _builder_version=\u00a0\u00bb4.21.0&Prime; _module_preset=\u00a0\u00bbdefault\u00a0\u00bb text_text_color=\u00a0\u00bb#000000&Prime; header_3_font=\u00a0\u00bb|600|||||||\u00a0\u00bb header_3_text_color=\u00a0\u00bb#1A0052&Prime; header_4_font=\u00a0\u00bb|600|||||||\u00a0\u00bb header_4_text_color=\u00a0\u00bb#1A0052&Prime; width=\u00a0\u00bb100%\u00a0\u00bb module_alignment=\u00a0\u00bbleft\u00a0\u00bb custom_margin=\u00a0\u00bb|||-30px|false|false\u00a0\u00bb custom_padding=\u00a0\u00bb|1px||||\u00a0\u00bb global_colors_info=\u00a0\u00bb{}\u00a0\u00bb]<\/p>\n<h3>De l&rsquo;arbre \u00e0 haute tige \u00e0 l&rsquo;assiette &#8211; un tr\u00e9sor culinaire et \u00e9cologique<\/h3>\n<div class=\"page\" title=\"Page 1\">\n<div class=\"section\">\n<div class=\"layoutArea\">\n<div class=\"column\">\n<p><span>Sous la marque \u00abPosamenter \u00ae\u00bb, nous fabriquons et commercialisons des produits de qualit\u00e9 sup\u00e9rieure \u00e0 partir de fruits d&rsquo;arbres \u00e0 hautes tiges. En \u00e9troite collaboration avec des esprits cr\u00e9atifs du secteur alimentaire, nous d\u00e9veloppons sans cesse de nouvelles tentations.<\/span><\/p>\n<p><span>Suite \u00e0 la modernisation, les fruits d&rsquo;arbres \u00e0 hautes tiges ne sont malheureusement plus gu\u00e8re demand\u00e9s dans le commerce de gros. En cons\u00e9quence, la forme d&rsquo;agriculture \u00e9cologiquement intelligente avec la double utilisation du sol par les champs, les prairies et les arbres \u00e0 hautes tiges est \u00e9galement tomb\u00e9e en d\u00e9su\u00e9tude. L&rsquo;existence des arbres \u00e0 hautes tiges aux multiples vari\u00e9t\u00e9s et la diversit\u00e9 biologique sont ainsi menac\u00e9es. Pour que notre paysage reste attractif et offre un habitat \u00e0 la biodiversit\u00e9, nous devons trouver de nouveaux march\u00e9s pour les fruits \u00e0 haute tige !<\/span><\/p>\n<p><span>Posamenter \u00ae promeut l&rsquo;agriculture paysanne diversifi\u00e9e qui a fait ses preuves, et en particulier ses arbres \u00e0 hautes tiges, et obtient ainsi un effet positif sur la biodiversit\u00e9 de la r\u00e9gion, le Jura tabulaire de Haute-Bavi\u00e8re.<\/span><\/p>\n<p><span><\/span><\/p>\n<\/div>\n<\/div>\n<\/div>\n<\/div>\n<p><span><span style=\"color: #1a0052;\">Organis\u00e9 par <span style=\"text-decoration: underline;\"><a href=\"https:\/\/www.posamenter.ch\" style=\"color: #1a0052; text-decoration: underline;\" target=\"_blank\" rel=\"noopener\">Posamenter GmbH<\/a><\/span><\/span><\/span><\/p>\n<p><span><span style=\"color: #1a0052;\"><span style=\"text-decoration: underline;\"><\/span><\/span><\/span><\/p>\n<p>[\/et_pb_text][\/et_pb_column][\/et_pb_row][et_pb_row column_structure=\u00a0\u00bb1_3,2_3&Prime; admin_label=\u00a0\u00bbZeile\u00a0\u00bb _builder_version=\u00a0\u00bb4.21.2&Prime; _module_preset=\u00a0\u00bbdefault\u00a0\u00bb custom_padding=\u00a0\u00bb||4px|||\u00a0\u00bb global_colors_info=\u00a0\u00bb{}\u00a0\u00bb][et_pb_column type=\u00a0\u00bb1_3&Prime; admin_label=\u00a0\u00bbSpalte\u00a0\u00bb _builder_version=\u00a0\u00bb4.21.0&Prime; _module_preset=\u00a0\u00bbdefault\u00a0\u00bb custom_padding=\u00a0\u00bb85px||85px||true|false\u00a0\u00bb border_width_all=\u00a0\u00bb5px\u00a0\u00bb border_color_all=\u00a0\u00bb#1A0052&Prime; global_colors_info=\u00a0\u00bb{}\u00a0\u00bb][et_pb_image src=\u00a0\u00bbhttps:\/\/eco.ch\/wp-content\/uploads\/2023\/06\/image001-1.png\u00a0\u00bb title_text=\u00a0\u00bbimage001&Prime; align=\u00a0\u00bbcenter\u00a0\u00bb _builder_version=\u00a0\u00bb4.22.0&Prime; _module_preset=\u00a0\u00bbdefault\u00a0\u00bb width=\u00a0\u00bb100%\u00a0\u00bb max_width=\u00a0\u00bb65%\u00a0\u00bb module_alignment=\u00a0\u00bbcenter\u00a0\u00bb custom_margin=\u00a0\u00bb10px|98px|10px||true|false\u00a0\u00bb custom_padding=\u00a0\u00bb||0px|||\u00a0\u00bb border_color_all=\u00a0\u00bbRGBA(255,255,255,0)\u00a0\u00bb global_colors_info=\u00a0\u00bb{}\u00a0\u00bb][\/et_pb_image][\/et_pb_column][et_pb_column type=\u00a0\u00bb2_3&Prime; _builder_version=\u00a0\u00bb4.21.0&Prime; _module_preset=\u00a0\u00bbdefault\u00a0\u00bb global_colors_info=\u00a0\u00bb{}\u00a0\u00bb][et_pb_text _builder_version=\u00a0\u00bb4.21.0&Prime; _module_preset=\u00a0\u00bbdefault\u00a0\u00bb text_text_color=\u00a0\u00bb#000000&Prime; header_3_font=\u00a0\u00bb|600|||||||\u00a0\u00bb header_3_text_color=\u00a0\u00bb#1A0052&Prime; header_4_font=\u00a0\u00bb|600|||||||\u00a0\u00bb header_4_text_color=\u00a0\u00bb#1A0052&Prime; width=\u00a0\u00bb100%\u00a0\u00bb module_alignment=\u00a0\u00bbleft\u00a0\u00bb custom_margin=\u00a0\u00bb|||-30px|false|false\u00a0\u00bb custom_padding=\u00a0\u00bb|1px||||\u00a0\u00bb global_colors_info=\u00a0\u00bb{}\u00a0\u00bb]<\/p>\n<h3><span>Protection de l&rsquo;environnement efficace &#8211; la contribution de la psychologie environnementale<\/span><\/h3>\n<div><\/div>\n<p style=\"font-weight: 400;\">Au stand de march\u00e9, l\u2019IPU Suisse a donn\u00e9 un aper\u00e7u des activit\u00e9s de l\u2019association (r\u00e9seau, manifestations, projets) autour de la psychologie environnementale. La psychologie environnementale s&rsquo;occupe en g\u00e9n\u00e9ral des interactions entre l&rsquo;homme et l&rsquo;environnement. Il s&rsquo;agit ici d&rsquo;une part de l&rsquo;effet de l&rsquo;environnement sur l&rsquo;homme, et d&rsquo;autre part de l&rsquo;influence de l&rsquo;homme sur l&rsquo;environnement. L&rsquo;IPU se concentre sur les domaines d&rsquo;activit\u00e9 de la psychologie dans les domaines de la protection de l&rsquo;environnement et de la durabilit\u00e9 (p. ex. alimentation durable, modes de vie suffisants).<span>  <\/span><\/p>\n<p><span style=\"font-weight: 400;\">L&rsquo;IPU Suisse est un r\u00e9seau interdisciplinaire de professionnels et d&rsquo;\u00e9tudiant(e)s, de praticiens et de chercheurs &#8211; tous unis par leur int\u00e9r\u00eat pour la psychologie environnementale. L&rsquo;objectif de l&rsquo;IPU est de faire conna\u00eetre les connaissances en psychologie environnementale et de les rendre plus accessibles, afin que les projets de transformation puissent \u00eatre con\u00e7us de mani\u00e8re plus efficace dans les diff\u00e9rentes disciplines.<\/span><br \/><span><\/span><\/p>\n<p><span><span style=\"color: #1a0052;\">Organis\u00e9 par <span style=\"text-decoration: underline;\"><a href=\"https:\/\/www.umwelt-psychologie.ch\" style=\"color: #1a0052; text-decoration: underline;\" target=\"_blank\" rel=\"noopener\">IPU Schweiz \u2013 Verein f\u00fcr Umweltpsychologie<\/a><\/span><\/span><\/span><\/p>\n<p><span><span style=\"color: #1a0052;\"><span style=\"text-decoration: underline;\"><\/span><\/span><\/span><\/p>\n<p>[\/et_pb_text][\/et_pb_column][\/et_pb_row][et_pb_row column_structure=\u00a0\u00bb1_3,2_3&Prime; admin_label=\u00a0\u00bbZeile\u00a0\u00bb _builder_version=\u00a0\u00bb4.21.2&Prime; _module_preset=\u00a0\u00bbdefault\u00a0\u00bb global_colors_info=\u00a0\u00bb{}\u00a0\u00bb][et_pb_column type=\u00a0\u00bb1_3&Prime; admin_label=\u00a0\u00bbSpalte\u00a0\u00bb _builder_version=\u00a0\u00bb4.21.0&Prime; _module_preset=\u00a0\u00bbdefault\u00a0\u00bb custom_padding=\u00a0\u00bb90px||90px||true|false\u00a0\u00bb border_width_all=\u00a0\u00bb5px\u00a0\u00bb border_color_all=\u00a0\u00bb#1A0052&Prime; global_colors_info=\u00a0\u00bb{}\u00a0\u00bb][et_pb_image src=\u00a0\u00bbhttps:\/\/eco.ch\/wp-content\/uploads\/2023\/07\/Logo_ABS_grau_DE.jpg\u00a0\u00bb title_text=\u00a0\u00bbLogo_ABS_grau_DE\u00a0\u00bb align=\u00a0\u00bbcenter\u00a0\u00bb _builder_version=\u00a0\u00bb4.22.0&Prime; _module_preset=\u00a0\u00bbdefault\u00a0\u00bb width=\u00a0\u00bb100%\u00a0\u00bb max_width=\u00a0\u00bb65%\u00a0\u00bb module_alignment=\u00a0\u00bbcenter\u00a0\u00bb custom_margin=\u00a0\u00bb10px|98px|10px||true|false\u00a0\u00bb custom_padding=\u00a0\u00bb||0px|||\u00a0\u00bb global_colors_info=\u00a0\u00bb{}\u00a0\u00bb][\/et_pb_image][\/et_pb_column][et_pb_column type=\u00a0\u00bb2_3&Prime; _builder_version=\u00a0\u00bb4.21.0&Prime; _module_preset=\u00a0\u00bbdefault\u00a0\u00bb global_colors_info=\u00a0\u00bb{}\u00a0\u00bb][et_pb_text _builder_version=\u00a0\u00bb4.21.0&Prime; _module_preset=\u00a0\u00bbdefault\u00a0\u00bb text_text_color=\u00a0\u00bb#000000&Prime; header_3_font=\u00a0\u00bb|600|||||||\u00a0\u00bb header_3_text_color=\u00a0\u00bb#1A0052&Prime; header_4_font=\u00a0\u00bb|600|||||||\u00a0\u00bb header_4_text_color=\u00a0\u00bb#1A0052&Prime; width=\u00a0\u00bb100%\u00a0\u00bb module_alignment=\u00a0\u00bbleft\u00a0\u00bb custom_margin=\u00a0\u00bb|||-30px|false|false\u00a0\u00bb custom_padding=\u00a0\u00bb|1px||||\u00a0\u00bb global_colors_info=\u00a0\u00bb{}\u00a0\u00bb]<\/p>\n<h3><b><span>Banque Alternative Suisse : Sociale, \u00e9cologique et transparente depuis plus de 30 ans<\/span><\/b><\/h3>\n<p style=\"font-weight: 400;\">Par ses activit\u00e9s commerciales, la Banque Alternative Suisse (BAS) s&rsquo;engage en faveur du bien commun, de l&rsquo;\u00eatre humain et de la nature. Pour que le monde reste vivable \u2014 aujourd&rsquo;hui et demain. Ce n&rsquo;est pas la maximisation du profit qui est au centre de leurs pr\u00e9occupations, mais leurs principes \u00e9thiques. Elle investit l&rsquo;argent de sa client\u00e8le \u00e0 long terme dans des projets et des entreprises \u00e0 vocation sociale et \u00e9cologique.<\/p>\n<p><b><span><span style=\"font-weight: 400;\">Nous avons invit\u00e9 les visiteur(e)s \u00e0 s\u2019informer sur notre stand des raisons pour lesquelles la BAS est \u00ab diff\u00e9rente des autres \u00bb.<\/span><\/span><\/b><span><span style=\"color: #1a0052;\"><\/span><\/span><\/p>\n<p><span><span style=\"color: #1a0052;\">Organis\u00e9 par <span style=\"text-decoration: underline;\"><a href=\"https:\/\/www.abs.ch\/de\" style=\"color: #1a0052; text-decoration: underline;\" target=\"_blank\" rel=\"noopener\">Banque Alternative Suisse<\/a><\/span><\/span><\/span><\/p>\n<p>[\/et_pb_text][\/et_pb_column][\/et_pb_row][et_pb_row column_structure=\u00a0\u00bb1_3,2_3&Prime; admin_label=\u00a0\u00bbZeile\u00a0\u00bb _builder_version=\u00a0\u00bb4.21.2&Prime; _module_preset=\u00a0\u00bbdefault\u00a0\u00bb global_colors_info=\u00a0\u00bb{}\u00a0\u00bb][et_pb_column type=\u00a0\u00bb1_3&Prime; admin_label=\u00a0\u00bbSpalte\u00a0\u00bb _builder_version=\u00a0\u00bb4.21.0&Prime; _module_preset=\u00a0\u00bbdefault\u00a0\u00bb custom_padding=\u00a0\u00bb90px||90px||true|false\u00a0\u00bb border_width_all=\u00a0\u00bb5px\u00a0\u00bb border_color_all=\u00a0\u00bb#1A0052&Prime; global_colors_info=\u00a0\u00bb{}\u00a0\u00bb][et_pb_image src=\u00a0\u00bbhttps:\/\/eco.ch\/wp-content\/uploads\/2023\/08\/Logo_Agroecology-Works.png\u00a0\u00bb title_text=\u00a0\u00bbLogo_Agroecology Works!\u00a0\u00bb align=\u00a0\u00bbcenter\u00a0\u00bb _builder_version=\u00a0\u00bb4.22.0&Prime; _module_preset=\u00a0\u00bbdefault\u00a0\u00bb width=\u00a0\u00bb100%\u00a0\u00bb max_width=\u00a0\u00bb65%\u00a0\u00bb module_alignment=\u00a0\u00bbcenter\u00a0\u00bb custom_margin=\u00a0\u00bb25px|98px|25px||true|false\u00a0\u00bb custom_padding=\u00a0\u00bb||0px|||\u00a0\u00bb global_colors_info=\u00a0\u00bb{}\u00a0\u00bb][\/et_pb_image][\/et_pb_column][et_pb_column type=\u00a0\u00bb2_3&Prime; _builder_version=\u00a0\u00bb4.21.0&Prime; _module_preset=\u00a0\u00bbdefault\u00a0\u00bb global_colors_info=\u00a0\u00bb{}\u00a0\u00bb][et_pb_text _builder_version=\u00a0\u00bb4.22.0&Prime; _module_preset=\u00a0\u00bbdefault\u00a0\u00bb text_text_color=\u00a0\u00bb#000000&Prime; header_3_font=\u00a0\u00bb|600|||||||\u00a0\u00bb header_3_text_color=\u00a0\u00bb#1A0052&Prime; header_4_font=\u00a0\u00bb|600|||||||\u00a0\u00bb header_4_text_color=\u00a0\u00bb#1A0052&Prime; width=\u00a0\u00bb100%\u00a0\u00bb module_alignment=\u00a0\u00bbleft\u00a0\u00bb custom_margin=\u00a0\u00bb|||-30px|false|false\u00a0\u00bb custom_padding=\u00a0\u00bb|1px||||\u00a0\u00bb global_colors_info=\u00a0\u00bb{}\u00a0\u00bb]<\/p>\n<h3><b><span>Agroecology Works! \u2013 le r\u00e9seau suisse pour l&rsquo;agro\u00e9cologie<\/span><\/b><\/h3>\n<div><span>Agroecology Works ! est convaincu qu&rsquo;un changement de paradigme fondamental est n\u00e9cessaire. Les personnes qui cultivent, transforment, commercialisent et mangent les aliments doivent \u00eatre au centre des pr\u00e9occupations \u2013 et non les profits de certains acteurs puissants du syst\u00e8me alimentaire. Le syst\u00e8me alimentaire doit \u00eatre r\u00e9organis\u00e9 de mani\u00e8re globale selon les principes de l&rsquo;agro\u00e9cologie et du droit humain \u00e0 l&rsquo;alimentation. Le r\u00e9seau s&rsquo;adresse ainsi aux divers acteur(e)s de la pratique, de la soci\u00e9t\u00e9, de la science et de la politique et \u00e0 leurs actions en Suisse et \u00e0 l&rsquo;\u00e9tranger.<\/span><\/div>\n<div><span><br \/>Agroecology Works! reconna\u00eet que de nombreuses personnes se sont engag\u00e9es pour un changement du syst\u00e8me alimentaire bien avant l&rsquo;apparition de la notion d&rsquo;agro\u00e9cologie, par exemple les pionni\u00e8re et le pionniers de l&rsquo;agriculture biologique ou de l&rsquo;agriculture solidaire. Il cherche \u00e0 se rapprocher d&rsquo;eux, m\u00eame s&rsquo;ils utilisent d&rsquo;autres termes comme permaculture, agriculture r\u00e9g\u00e9n\u00e9rative ou biologique. Le r\u00e9seau se distingue toutefois des acteur(e)s qui s&#8217;emparent du terme d&rsquo;agro\u00e9cologie pour poursuivre le paradigme de la r\u00e9volution verte avec de nouveaux moyens.<\/span><span><\/span><\/div>\n<p><span><span style=\"color: #1a0052;\"><\/span><\/span><\/p>\n<p><span><span style=\"color: #1a0052;\">Organis\u00e9 par <span style=\"color: #0a014e;\"><a href=\"https:\/\/agroecologyworks.ch\/de\" target=\"_blank\" rel=\"noopener\" style=\"color: #0a014e;\"><u>Agroecology<\/u> <u>Works!<\/u><\/a><\/span><\/span><\/span><\/p>\n<p>[\/et_pb_text][\/et_pb_column][\/et_pb_row][et_pb_row column_structure=\u00a0\u00bb1_3,2_3&Prime; admin_label=\u00a0\u00bbZeile\u00a0\u00bb _builder_version=\u00a0\u00bb4.21.2&Prime; _module_preset=\u00a0\u00bbdefault\u00a0\u00bb global_colors_info=\u00a0\u00bb{}\u00a0\u00bb][et_pb_column type=\u00a0\u00bb1_3&Prime; admin_label=\u00a0\u00bbSpalte\u00a0\u00bb _builder_version=\u00a0\u00bb4.21.0&Prime; _module_preset=\u00a0\u00bbdefault\u00a0\u00bb custom_padding=\u00a0\u00bb90px||90px||true|false\u00a0\u00bb border_width_all=\u00a0\u00bb5px\u00a0\u00bb border_color_all=\u00a0\u00bb#1A0052&Prime; global_colors_info=\u00a0\u00bb{}\u00a0\u00bb][et_pb_image src=\u00a0\u00bbhttps:\/\/eco.ch\/wp-content\/uploads\/2023\/08\/Logo_PSR_mit-Rand_transparent.png\u00a0\u00bb title_text=\u00a0\u00bbLogo_PSR_mit Rand_transparent\u00a0\u00bb align=\u00a0\u00bbcenter\u00a0\u00bb _builder_version=\u00a0\u00bb4.22.0&Prime; _module_preset=\u00a0\u00bbdefault\u00a0\u00bb width=\u00a0\u00bb100%\u00a0\u00bb max_width=\u00a0\u00bb65%\u00a0\u00bb module_alignment=\u00a0\u00bbcenter\u00a0\u00bb custom_margin=\u00a0\u00bb-20px|98px|-20px||true|false\u00a0\u00bb custom_padding=\u00a0\u00bb||0px|||\u00a0\u00bb global_colors_info=\u00a0\u00bb{}\u00a0\u00bb][\/et_pb_image][\/et_pb_column][et_pb_column type=\u00a0\u00bb2_3&Prime; _builder_version=\u00a0\u00bb4.21.0&Prime; _module_preset=\u00a0\u00bbdefault\u00a0\u00bb global_colors_info=\u00a0\u00bb{}\u00a0\u00bb][et_pb_text _builder_version=\u00a0\u00bb4.22.0&Prime; _module_preset=\u00a0\u00bbdefault\u00a0\u00bb text_text_color=\u00a0\u00bb#000000&Prime; header_3_font=\u00a0\u00bb|600|||||||\u00a0\u00bb header_3_text_color=\u00a0\u00bb#1A0052&Prime; header_4_font=\u00a0\u00bb|600|||||||\u00a0\u00bb header_4_text_color=\u00a0\u00bb#1A0052&Prime; width=\u00a0\u00bb100%\u00a0\u00bb module_alignment=\u00a0\u00bbleft\u00a0\u00bb custom_margin=\u00a0\u00bb|||-30px|false|false\u00a0\u00bb custom_padding=\u00a0\u00bb|1px||||\u00a0\u00bb global_colors_info=\u00a0\u00bb{}\u00a0\u00bb]<\/p>\n<h3><b><span>Les fruits sauvages et leurs formes cultiv\u00e9es &#8211; un aliment puissant pour l&rsquo;homme et la faune <\/span><\/b><\/h3>\n<div><span><span>Dans la niche des fruits sauvages se cachent des joyaux peu connus, dont les <\/span><\/span><span style=\"font-size: 16px;\">fruits nous permettent de fabriquer des produits pr\u00e9cieux. Les s\u00e9lections sont souvent particuli\u00e8rement riches en ingr\u00e9dients b\u00e9n\u00e9fiques pour la sant\u00e9. Ils sont proches de leurs anc\u00eatres indig\u00e8nes et offrent aux oiseaux et aux insectes un habitat et une nourriture particuli\u00e8rement pr\u00e9cieux. La biodiversit\u00e9 culturelle devient ainsi une composante \u00e9l\u00e9mentaire des \u00e9cosyst\u00e8mes anthropis\u00e9s.<\/span><br \/><span><\/span><\/div>\n<p><span><span style=\"color: #1a0052;\"><\/span><\/span><\/p>\n<p><span><span style=\"color: #1a0052;\">Organis\u00e9 par <span style=\"color: #0a014e;\"><a href=\"https:\/\/www.prospecierara.ch\" target=\"_blank\" rel=\"noopener\" style=\"color: #0a014e;\">ProSpecieRara<\/a><\/span><\/span><\/span><\/p>\n<p>[\/et_pb_text][\/et_pb_column][\/et_pb_row][et_pb_row column_structure=\u00a0\u00bb1_3,2_3&Prime; admin_label=\u00a0\u00bbZeile\u00a0\u00bb _builder_version=\u00a0\u00bb4.21.2&Prime; _module_preset=\u00a0\u00bbdefault\u00a0\u00bb global_colors_info=\u00a0\u00bb{}\u00a0\u00bb][et_pb_column type=\u00a0\u00bb1_3&Prime; admin_label=\u00a0\u00bbSpalte\u00a0\u00bb _builder_version=\u00a0\u00bb4.21.0&Prime; _module_preset=\u00a0\u00bbdefault\u00a0\u00bb custom_padding=\u00a0\u00bb90px||90px||true|false\u00a0\u00bb border_width_all=\u00a0\u00bb5px\u00a0\u00bb border_color_all=\u00a0\u00bb#1A0052&Prime; global_colors_info=\u00a0\u00bb{}\u00a0\u00bb][et_pb_image src=\u00a0\u00bbhttps:\/\/eco.ch\/wp-content\/uploads\/2023\/08\/Changemakers-Logo.png\u00a0\u00bb title_text=\u00a0\u00bbChangemakers Logo\u00a0\u00bb align=\u00a0\u00bbcenter\u00a0\u00bb _builder_version=\u00a0\u00bb4.22.1&Prime; _module_preset=\u00a0\u00bbdefault\u00a0\u00bb width=\u00a0\u00bb100%\u00a0\u00bb max_width=\u00a0\u00bb65%\u00a0\u00bb module_alignment=\u00a0\u00bbcenter\u00a0\u00bb custom_margin=\u00a0\u00bb15px|98px|15px||true|false\u00a0\u00bb custom_padding=\u00a0\u00bb||0px|||\u00a0\u00bb global_colors_info=\u00a0\u00bb{}\u00a0\u00bb][\/et_pb_image][\/et_pb_column][et_pb_column type=\u00a0\u00bb2_3&Prime; _builder_version=\u00a0\u00bb4.21.0&Prime; _module_preset=\u00a0\u00bbdefault\u00a0\u00bb global_colors_info=\u00a0\u00bb{}\u00a0\u00bb][et_pb_text _builder_version=\u00a0\u00bb4.22.1&Prime; _module_preset=\u00a0\u00bbdefault\u00a0\u00bb text_text_color=\u00a0\u00bb#000000&Prime; header_3_font=\u00a0\u00bb|600|||||||\u00a0\u00bb header_3_text_color=\u00a0\u00bb#1A0052&Prime; header_4_font=\u00a0\u00bb|600|||||||\u00a0\u00bb header_4_text_color=\u00a0\u00bb#1A0052&Prime; width=\u00a0\u00bb100%\u00a0\u00bb module_alignment=\u00a0\u00bbleft\u00a0\u00bb custom_margin=\u00a0\u00bb|||-30px|false|false\u00a0\u00bb custom_padding=\u00a0\u00bb|1px||||\u00a0\u00bb global_colors_info=\u00a0\u00bb{}\u00a0\u00bb]<\/p>\n<h3>Changemakers &#8211; Be a force of Nature!<\/h3>\n<div>\n<p>The Changemakers Program is a transformative initiative designed to empower and equip youth from Kenya, Peru and Switzerland with the transferable skills and knowledge to drive positive change in their communities. Our program\u2019s mission is to guide and support a cohort of 31 pre-selected Changemakers while fostering a collaborative and inclusive environment. By co-creating a 6-month long program alongside young changemakers, the program creators and designers Wyss Academy for Nature, Goodwall and Emzingo ensure that the curriculum is relevant, engaging and tailored to meet the needs of the participants. Together we strive to cultivate a community of driven individuals passionate about positively impacting and driving sustainable development in their respective communities.<\/p>\n<p><span><\/span><\/p>\n<p><span><span style=\"color: #1a0052;\">Organis\u00e9 par <span style=\"color: #0a014e;\"><a href=\"https:\/\/changemakers.goodwall.io\" target=\"_blank\" rel=\"noopener\" style=\"color: #0a014e;\">Changemakers<\/a><\/span><\/span><\/span><\/div>\n<div><span style=\"font-size: 16px;\"><\/span><\/div>\n<p><span><span style=\"color: #1a0052;\"><\/span><\/span><\/p>\n<p>[\/et_pb_text][\/et_pb_column][\/et_pb_row][et_pb_row _builder_version=\u00a0\u00bb4.21.2&Prime; _module_preset=\u00a0\u00bbdefault\u00a0\u00bb global_colors_info=\u00a0\u00bb{}\u00a0\u00bb][et_pb_column type=\u00a0\u00bb4_4&Prime; _builder_version=\u00a0\u00bb4.21.2&Prime; _module_preset=\u00a0\u00bbdefault\u00a0\u00bb global_colors_info=\u00a0\u00bb{}\u00a0\u00bb][et_pb_text _builder_version=\u00a0\u00bb4.21.2&Prime; _module_preset=\u00a0\u00bbdefault\u00a0\u00bb text_text_color=\u00a0\u00bb#1A0052&Prime; global_colors_info=\u00a0\u00bb{}\u00a0\u00bb]<\/p>\n<p><strong>Nos supporters<\/strong><\/p>\n<p>[\/et_pb_text][\/et_pb_column][\/et_pb_row][et_pb_row _builder_version=\u00a0\u00bb4.21.2&Prime; _module_preset=\u00a0\u00bbdefault\u00a0\u00bb width=\u00a0\u00bb90%\u00a0\u00bb global_colors_info=\u00a0\u00bb{}\u00a0\u00bb][et_pb_column type=\u00a0\u00bb4_4&Prime; _builder_version=\u00a0\u00bb4.21.2&Prime; _module_preset=\u00a0\u00bbdefault\u00a0\u00bb global_colors_info=\u00a0\u00bb{}\u00a0\u00bb][et_pb_image src=\u00a0\u00bbhttps:\/\/eco.ch\/wp-content\/uploads\/2023\/08\/Logoleiste_UnterstuetzerInnen-2.png\u00a0\u00bb title_text=\u00a0\u00bbLogoleiste_Unterst\u00fctzerInnen\u00a0\u00bb align=\u00a0\u00bbcenter\u00a0\u00bb _builder_version=\u00a0\u00bb4.22.0&Prime; _module_preset=\u00a0\u00bbdefault\u00a0\u00bb width=\u00a0\u00bb90%\u00a0\u00bb custom_margin=\u00a0\u00bb-35px||||false|false\u00a0\u00bb global_colors_info=\u00a0\u00bb{}\u00a0\u00bb][\/et_pb_image][\/et_pb_column][\/et_pb_row][\/et_pb_section][et_pb_section fb_built=\u00a0\u00bb1&Prime; disabled_on=\u00a0\u00bbon|on|on\u00a0\u00bb admin_label=\u00a0\u00bbButton Unten rechts\u00a0\u00bb _builder_version=\u00a0\u00bb4.22.1&Prime; _module_preset=\u00a0\u00bbdefault\u00a0\u00bb background_color=\u00a0\u00bbRGBA(255,255,255,0)\u00a0\u00bb positioning=\u00a0\u00bbfixed\u00a0\u00bb position_origin_f=\u00a0\u00bbbottom_right\u00a0\u00bb vertical_offset=\u00a0\u00bb20px\u00a0\u00bb horizontal_offset=\u00a0\u00bb20px\u00a0\u00bb z_index=\u00a0\u00bb100&Prime; custom_padding=\u00a0\u00bb0px||0px||false|false\u00a0\u00bb disabled=\u00a0\u00bbon\u00a0\u00bb global_module=\u00a0\u00bb19921&Prime; global_colors_info=\u00a0\u00bb{}\u00a0\u00bb][et_pb_row _builder_version=\u00a0\u00bb4.21.0&Prime; _module_preset=\u00a0\u00bbdefault\u00a0\u00bb background_color=\u00a0\u00bbRGBA(255,255,255,0)\u00a0\u00bb width=\u00a0\u00bb100%\u00a0\u00bb max_width=\u00a0\u00bb100%\u00a0\u00bb custom_padding=\u00a0\u00bb0px||0px||false|false\u00a0\u00bb global_colors_info=\u00a0\u00bb{}\u00a0\u00bb][et_pb_column type=\u00a0\u00bb4_4&Prime; _builder_version=\u00a0\u00bb4.21.0&Prime; _module_preset=\u00a0\u00bbdefault\u00a0\u00bb global_colors_info=\u00a0\u00bb{}\u00a0\u00bb][et_pb_button button_url=\u00a0\u00bbhttps:\/\/eco.ch\/fr\/billets\/\u00a0\u00bb button_text=\u00a0\u00bbR\u00e9server des billets pour le Congr\u00e8s Nature 2023&Prime; button_alignment=\u00a0\u00bbright\u00a0\u00bb _builder_version=\u00a0\u00bb4.21.0&Prime; _module_preset=\u00a0\u00bbdefault\u00a0\u00bb custom_button=\u00a0\u00bbon\u00a0\u00bb button_text_color=\u00a0\u00bb#FFFFFF\u00a0\u00bb button_bg_color=\u00a0\u00bb#E5007D\u00a0\u00bb button_border_color=\u00a0\u00bb#E5007D\u00a0\u00bb global_colors_info=\u00a0\u00bb{}\u00a0\u00bb][\/et_pb_button][\/et_pb_column][\/et_pb_row][\/et_pb_section]<\/p>\n","protected":false},"excerpt":{"rendered":"<p>Place du march\u00e9Sur la place du march\u00e9, qui compl\u00e9tait de mani\u00e8re dynamique le Congr\u00e8s Nature 2023, diverses organisations se sont r\u00e9unies et ont pr\u00e9sent\u00e9 leurs projets passionnants et innovants sur des th\u00e8mes li\u00e9s aux syst\u00e8mes alimentaires durables. Des exemples de bonnes pratiques ont \u00e9t\u00e9 pr\u00e9sent\u00e9s, offrant ainsi la chance d\u2019avoir un aper\u00e7u actif de chaque [&hellip;]<\/p>\n","protected":false},"author":69,"featured_media":0,"parent":0,"menu_order":0,"comment_status":"closed","ping_status":"closed","template":"","meta":{"_et_pb_use_builder":"on","_et_pb_old_content":"","_et_gb_content_width":"","inline_featured_image":false,"footnotes":""},"class_list":["post-21030","page","type-page","status-publish","hentry"],"yoast_head":"<!-- This site is optimized with the Yoast SEO plugin v27.5 - https:\/\/yoast.com\/product\/yoast-seo-wordpress\/ -->\n<title>Place du march\u00e9 - eco.ch<\/title>\n<meta name=\"robots\" content=\"index, follow, max-snippet:-1, max-image-preview:large, max-video-preview:-1\" \/>\n<link rel=\"canonical\" href=\"https:\/\/eco.ch\/fr\/place-du-marche\/\" \/>\n<meta property=\"og:locale\" content=\"fr_FR\" \/>\n<meta property=\"og:type\" content=\"article\" \/>\n<meta property=\"og:title\" content=\"Naturkongress 2023 | Marktplatz\" \/>\n<meta property=\"og:description\" content=\"Mehr erfahren \u00fcber die beteiligten Organisationen und ihre innovativen Projekte.\" \/>\n<meta property=\"og:url\" content=\"https:\/\/eco.ch\/fr\/place-du-marche\/\" \/>\n<meta property=\"og:site_name\" content=\"eco.ch\" \/>\n<meta property=\"article:publisher\" content=\"https:\/\/www.facebook.com\/eco.ch.forum\" \/>\n<meta property=\"article:modified_time\" content=\"2023-09-01T13:12:24+00:00\" \/>\n<meta property=\"og:image\" content=\"https:\/\/eco.ch\/wp-content\/uploads\/2023\/08\/Marktplatz_FB-1-1024x532.png\" \/>\n<meta name=\"twitter:card\" content=\"summary_large_image\" \/>\n<meta name=\"twitter:title\" content=\"Naturkongress 2023 | Marktplatz\" \/>\n<meta name=\"twitter:description\" content=\"Mehr erfahren \u00fcber die beteiligten Organisationen und ihre innovativen Projekte.\" \/>\n<meta name=\"twitter:image\" content=\"https:\/\/eco.ch\/wp-content\/uploads\/2023\/08\/Marktplatz_Tw-1024x512.png\" \/>\n<meta name=\"twitter:site\" content=\"@eco_ch_forum\" \/>\n<meta name=\"twitter:label1\" content=\"Dur\u00e9e de lecture estim\u00e9e\" \/>\n\t<meta name=\"twitter:data1\" content=\"17 minutes\" \/>\n<script type=\"application\/ld+json\" class=\"yoast-schema-graph\">{\"@context\":\"https:\\\/\\\/schema.org\",\"@graph\":[{\"@type\":\"WebPage\",\"@id\":\"https:\\\/\\\/eco.ch\\\/fr\\\/place-du-marche\\\/\",\"url\":\"https:\\\/\\\/eco.ch\\\/fr\\\/place-du-marche\\\/\",\"name\":\"Place du march\u00e9 - eco.ch\",\"isPartOf\":{\"@id\":\"https:\\\/\\\/eco.ch\\\/#website\"},\"datePublished\":\"2023-07-06T15:29:13+00:00\",\"dateModified\":\"2023-09-01T13:12:24+00:00\",\"breadcrumb\":{\"@id\":\"https:\\\/\\\/eco.ch\\\/fr\\\/place-du-marche\\\/#breadcrumb\"},\"inLanguage\":\"fr-FR\",\"potentialAction\":[{\"@type\":\"ReadAction\",\"target\":[\"https:\\\/\\\/eco.ch\\\/fr\\\/place-du-marche\\\/\"]}]},{\"@type\":\"BreadcrumbList\",\"@id\":\"https:\\\/\\\/eco.ch\\\/fr\\\/place-du-marche\\\/#breadcrumb\",\"itemListElement\":[{\"@type\":\"ListItem\",\"position\":1,\"name\":\"Home\",\"item\":\"https:\\\/\\\/eco.ch\\\/fr\\\/\"},{\"@type\":\"ListItem\",\"position\":2,\"name\":\"Place du march\u00e9\"}]},{\"@type\":\"WebSite\",\"@id\":\"https:\\\/\\\/eco.ch\\\/#website\",\"url\":\"https:\\\/\\\/eco.ch\\\/\",\"name\":\"eco.ch\",\"description\":\"Forum f\u00fcr nachhaltige Entwicklung\",\"potentialAction\":[{\"@type\":\"SearchAction\",\"target\":{\"@type\":\"EntryPoint\",\"urlTemplate\":\"https:\\\/\\\/eco.ch\\\/?s={search_term_string}\"},\"query-input\":{\"@type\":\"PropertyValueSpecification\",\"valueRequired\":true,\"valueName\":\"search_term_string\"}}],\"inLanguage\":\"fr-FR\"}]}<\/script>\n<!-- \/ Yoast SEO plugin. -->","yoast_head_json":{"title":"Place du march\u00e9 - eco.ch","robots":{"index":"index","follow":"follow","max-snippet":"max-snippet:-1","max-image-preview":"max-image-preview:large","max-video-preview":"max-video-preview:-1"},"canonical":"https:\/\/eco.ch\/fr\/place-du-marche\/","og_locale":"fr_FR","og_type":"article","og_title":"Naturkongress 2023 | Marktplatz","og_description":"Mehr erfahren \u00fcber die beteiligten Organisationen und ihre innovativen Projekte.","og_url":"https:\/\/eco.ch\/fr\/place-du-marche\/","og_site_name":"eco.ch","article_publisher":"https:\/\/www.facebook.com\/eco.ch.forum","article_modified_time":"2023-09-01T13:12:24+00:00","og_image":[{"url":"https:\/\/eco.ch\/wp-content\/uploads\/2023\/08\/Marktplatz_FB-1-1024x532.png","type":"","width":"","height":""}],"twitter_card":"summary_large_image","twitter_title":"Naturkongress 2023 | Marktplatz","twitter_description":"Mehr erfahren \u00fcber die beteiligten Organisationen und ihre innovativen Projekte.","twitter_image":"https:\/\/eco.ch\/wp-content\/uploads\/2023\/08\/Marktplatz_Tw-1024x512.png","twitter_site":"@eco_ch_forum","twitter_misc":{"Dur\u00e9e de lecture estim\u00e9e":"17 minutes"},"schema":{"@context":"https:\/\/schema.org","@graph":[{"@type":"WebPage","@id":"https:\/\/eco.ch\/fr\/place-du-marche\/","url":"https:\/\/eco.ch\/fr\/place-du-marche\/","name":"Place du march\u00e9 - eco.ch","isPartOf":{"@id":"https:\/\/eco.ch\/#website"},"datePublished":"2023-07-06T15:29:13+00:00","dateModified":"2023-09-01T13:12:24+00:00","breadcrumb":{"@id":"https:\/\/eco.ch\/fr\/place-du-marche\/#breadcrumb"},"inLanguage":"fr-FR","potentialAction":[{"@type":"ReadAction","target":["https:\/\/eco.ch\/fr\/place-du-marche\/"]}]},{"@type":"BreadcrumbList","@id":"https:\/\/eco.ch\/fr\/place-du-marche\/#breadcrumb","itemListElement":[{"@type":"ListItem","position":1,"name":"Home","item":"https:\/\/eco.ch\/fr\/"},{"@type":"ListItem","position":2,"name":"Place du march\u00e9"}]},{"@type":"WebSite","@id":"https:\/\/eco.ch\/#website","url":"https:\/\/eco.ch\/","name":"eco.ch","description":"Forum f\u00fcr nachhaltige Entwicklung","potentialAction":[{"@type":"SearchAction","target":{"@type":"EntryPoint","urlTemplate":"https:\/\/eco.ch\/?s={search_term_string}"},"query-input":{"@type":"PropertyValueSpecification","valueRequired":true,"valueName":"search_term_string"}}],"inLanguage":"fr-FR"}]}},"_links":{"self":[{"href":"https:\/\/eco.ch\/fr\/wp-json\/wp\/v2\/pages\/21030","targetHints":{"allow":["GET"]}}],"collection":[{"href":"https:\/\/eco.ch\/fr\/wp-json\/wp\/v2\/pages"}],"about":[{"href":"https:\/\/eco.ch\/fr\/wp-json\/wp\/v2\/types\/page"}],"author":[{"embeddable":true,"href":"https:\/\/eco.ch\/fr\/wp-json\/wp\/v2\/users\/69"}],"replies":[{"embeddable":true,"href":"https:\/\/eco.ch\/fr\/wp-json\/wp\/v2\/comments?post=21030"}],"version-history":[{"count":35,"href":"https:\/\/eco.ch\/fr\/wp-json\/wp\/v2\/pages\/21030\/revisions"}],"predecessor-version":[{"id":21828,"href":"https:\/\/eco.ch\/fr\/wp-json\/wp\/v2\/pages\/21030\/revisions\/21828"}],"wp:attachment":[{"href":"https:\/\/eco.ch\/fr\/wp-json\/wp\/v2\/media?parent=21030"}],"curies":[{"name":"wp","href":"https:\/\/api.w.org\/{rel}","templated":true}]}}